{"id":1365,"date":"2014-05-26T10:16:18","date_gmt":"2014-05-26T10:16:18","guid":{"rendered":"http:\/\/www.artspeculation.net\/?page_id=1365"},"modified":"2014-06-11T11:35:35","modified_gmt":"2014-06-11T11:35:35","slug":"p-h-a-r-e","status":"publish","type":"page","link":"https:\/\/www.artspeculation.net\/?page_id=1365","title":{"rendered":"P.H.A.R.E."},"content":{"rendered":"<p>Programme d\u2019Habitat Autonome Respectueux de l\u2019Environnement<br \/>\nartspeculation, f\u00e9vrier 2014 &#8211; appel \u00e0 projet COAL<br \/>\nTh\u00e8me : \u00ab\u00a0Paris\u00a0\u00bb<br \/>\n<iframe loading=\"lazy\" title=\"Programme d&#039;Habitat Autonome Respectueux de l&#039;Environnement pour les sans-abris, PARIS 2014\" width=\"580\" height=\"326\" src=\"https:\/\/www.youtube.com\/embed\/EB4B6maMz8k?feature=oembed\" frameborder=\"0\" allow=\"accelerometer; autoplay; clipboard-write; encrypted-media; gyroscope; picture-in-picture\" allowfullscreen><\/iframe><\/p>\n<p>Paris est l\u2019une des premi\u00e8res destinations touristiques mondiales. Cela tient \u00e0 sa richesse culturelle, ses monuments et mus\u00e9es, mais aussi au caract\u00e8re original et pr\u00e9serv\u00e9 de l\u2019environnement urbain dans son ensemble. La perception de la qualit\u00e9 de cet ensemble est aujourd\u2019hui perturb\u00e9e par la banalisation d\u2019une mis\u00e8re qui s\u2019affiche partout et qui ne fait que progresser avec la crise \u00e9conomique.<br \/>\nComment conserver \u00e0 une cit\u00e9 aussi belle que Paris son image qui est d\u00e9figur\u00e9e par la salet\u00e9 des abris temporaires \u00e9difi\u00e9s sur la voie publique, \u00e0 tous les coins de rue, \u00e0 proximit\u00e9 des lieux touristiques. Quelle image de Paris retiendra ce touriste \u00e9tranger qui, \u00e0 proximit\u00e9 de l\u2019Arc de triomphe, de l\u2019Op\u00e9ra, de la Gare de Lyon, ou sur les quais des m\u00e9tros, tombera nez \u00e0 nez avec ces personnes dans le plus grand d\u00e9nuement, sans abris, dormant parfois \u00e0 m\u00eame le sol ?<br \/>\nIl s\u2019agit l\u00e0 d\u2019un vrai d\u00e9fi pour Paris : concilier l\u2019ampleur du ph\u00e9nom\u00e8ne des sans-abris, les co\u00fbts croissant de l\u2019action sociale alors que nous sommes en p\u00e9riode de crise et que le foncier est extr\u00eamement contraint, et la n\u00e9cessit\u00e9 de maintenir une image, un standing, permettant le maintien et le d\u00e9veloppement du tourisme, premier secteur industriel, premier employeur de la capitale.<br \/>\nNous proposons un programme d\u2019action sp\u00e9cifique, s\u2019attaquant \u00e0 ce probl\u00e8me, qui consiste \u00e0 mettre \u00e0 disposition des sans-abris une solution alternative qui conjugue le respect de la dignit\u00e9 de ces personnes, une protection minimum contre les intemp\u00e9ries, et une image compatible avec l\u2019environnement urbain parisien.<br \/>\nLe Programme d\u2019Habitat Autonome Respectueux de l\u2019Environnement (P.H.A.R.E.), est une proposition d\u2019artistes confront\u00e9s \u00e0 cette situation qu\u2019ils jugent insupportable et \u00e0 laquelle il faut pouvoir r\u00e9pondre de mani\u00e8re \u00e9cologique et sociale.<br \/>\nNous voulons, dans un premier temps, mettre \u00e0 la disposition des sans-abris une centaine de ces \u00ab habitats autonomes \u00bb pour montrer qu\u2019il est possible d\u2019am\u00e9liorer la situation actuelle.<br \/>\nS\u2019il s\u2019av\u00e8re qu\u2019effectivement nos mod\u00e8les sont utilis\u00e9s de mani\u00e8re pr\u00e9f\u00e9rentielle aux abris de fortune et qu\u2019ils conduisent \u00e0 une am\u00e9lioration de la perception esth\u00e9tique de la ville, il sera possible de convaincre les d\u00e9cideurs publics d\u2019engager une politique de plus grande ampleur.<br \/>\nCet \u00ab habitat autonome \u00bb est compact, l\u00e9ger, pliable, isolant, \u00e9tanche, recyclable, facile \u00e0 construire et \u00e9conome.<br \/>\nPar ailleurs on pr\u00e9voit de r\u00e9aliser plusieurs versions du dessin de camouflage afin de s\u2019adapter aux diff\u00e9rents contextes urbains dans lesquels ces abris seront d\u00e9ploy\u00e9s de mani\u00e8re \u00e0 se fondre dans l\u2019environnement paysager.<\/p>\n","protected":false},"excerpt":{"rendered":"<p>Programme d\u2019Habitat Autonome Respectueux de l\u2019Environnement artspeculation, f\u00e9vrier 2014 &#8211; appel \u00e0 projet COAL Th\u00e8me : \u00ab\u00a0Paris\u00a0\u00bb Paris est l\u2019une des premi\u00e8res destinations touristiques mondiales. Cela tient \u00e0 sa richesse culturelle, ses monuments et mus\u00e9es, mais aussi au caract\u00e8re original et pr\u00e9serv\u00e9 de l\u2019environnement urbain dans son ensemble. La perception de la qualit\u00e9 de cet [&hellip;]<\/p>\n","protected":false},"author":1,"featured_media":0,"parent":17,"menu_order":0,"comment_status":"closed","ping_status":"closed","template":"onecolumn-page.php","meta":{"ngg_post_thumbnail":0},"_links":{"self":[{"href":"https:\/\/www.artspeculation.net\/index.php?rest_route=\/wp\/v2\/pages\/1365"}],"collection":[{"href":"https:\/\/www.artspeculation.net\/index.php?rest_route=\/wp\/v2\/pages"}],"about":[{"href":"https:\/\/www.artspeculation.net\/index.php?rest_route=\/wp\/v2\/types\/page"}],"author":[{"embeddable":true,"href":"https:\/\/www.artspeculation.net\/index.php?rest_route=\/wp\/v2\/users\/1"}],"replies":[{"embeddable":true,"href":"https:\/\/www.artspeculation.net\/index.php?rest_route=%2Fwp%2Fv2%2Fcomments&post=1365"}],"version-history":[{"count":11,"href":"https:\/\/www.artspeculation.net\/index.php?rest_route=\/wp\/v2\/pages\/1365\/revisions"}],"predecessor-version":[{"id":1492,"href":"https:\/\/www.artspeculation.net\/index.php?rest_route=\/wp\/v2\/pages\/1365\/revisions\/1492"}],"up":[{"embeddable":true,"href":"https:\/\/www.artspeculation.net\/index.php?rest_route=\/wp\/v2\/pages\/17"}],"wp:attachment":[{"href":"https:\/\/www.artspeculation.net\/index.php?rest_route=%2Fwp%2Fv2%2Fmedia&parent=1365"}],"curies":[{"name":"wp","href":"https:\/\/api.w.org\/{rel}","templated":true}]}}